{"version":"1.0","provider_name":"\u00d3rgano de la ep\u00edstola de la Catedral de Granada","provider_url":"https:\/\/www.joaquinlois.com\/catedral-granada","author_name":"admin","author_url":"https:\/\/www.joaquinlois.com\/catedral-granada\/author\/admin\/","title":"Restauraci\u00f3n del secreto de contras | \u00d3rgano de la ep\u00edstola de la Catedral de Granada","type":"rich","width":600,"height":338,"html":"<blockquote class=\"wp-embedded-content\" data-secret=\"eHnFnYM8yU\"><a href=\"https:\/\/www.joaquinlois.com\/catedral-granada\/restauracion-del-secreto-de-contras\/\">Restauraci\u00f3n del secreto de contras<\/a><\/blockquote><iframe sandbox=\"allow-scripts\" security=\"restricted\" src=\"https:\/\/www.joaquinlois.com\/catedral-granada\/restauracion-del-secreto-de-contras\/embed\/#?secret=eHnFnYM8yU\" width=\"600\" height=\"338\" title=\"\u00abRestauraci\u00f3n del secreto de contras\u00bb \u2014 \u00d3rgano de la ep\u00edstola de la Catedral de Granada\" data-secret=\"eHnFnYM8yU\" frameborder=\"0\" marginwidth=\"0\" marginheight=\"0\" scrolling=\"no\" class=\"wp-embedded-content\"><\/iframe><script type=\"text\/javascript\">\n\/* <![CDATA[ *\/\n\/*! This file is auto-generated *\/\n!function(d,l){\"use strict\";l.querySelector&&d.addEventListener&&\"undefined\"!=typeof URL&&(d.wp=d.wp||{},d.wp.receiveEmbedMessage||(d.wp.receiveEmbedMessage=function(e){var t=e.data;if((t||t.secret||t.message||t.value)&&!\/[^a-zA-Z0-9]\/.test(t.secret)){for(var s,r,n,a=l.querySelectorAll('iframe[data-secret=\"'+t.secret+'\"]'),o=l.querySelectorAll('blockquote[data-secret=\"'+t.secret+'\"]'),c=new RegExp(\"^https?:$\",\"i\"),i=0;i<o.length;i++)o[i].style.display=\"none\";for(i=0;i<a.length;i++)s=a[i],e.source===s.contentWindow&&(s.removeAttribute(\"style\"),\"height\"===t.message?(1e3<(r=parseInt(t.value,10))?r=1e3:~~r<200&&(r=200),s.height=r):\"link\"===t.message&&(r=new URL(s.getAttribute(\"src\")),n=new URL(t.value),c.test(n.protocol))&&n.host===r.host&&l.activeElement===s&&(d.top.location.href=t.value))}},d.addEventListener(\"message\",d.wp.receiveEmbedMessage,!1),l.addEventListener(\"DOMContentLoaded\",function(){for(var e,t,s=l.querySelectorAll(\"iframe.wp-embedded-content\"),r=0;r<s.length;r++)(t=(e=s[r]).getAttribute(\"data-secret\"))||(t=Math.random().toString(36).substring(2,12),e.src+=\"#?secret=\"+t,e.setAttribute(\"data-secret\",t)),e.contentWindow.postMessage({message:\"ready\",secret:t},\"*\")},!1)))}(window,document);\n\/\/# sourceURL=https:\/\/www.joaquinlois.com\/catedral-granada\/wp-includes\/js\/wp-embed.min.js\n\/* ]]> *\/\n<\/script>\n","thumbnail_url":"https:\/\/www.joaquinlois.com\/catedral-granada\/wp-content\/uploads\/sites\/3\/2023\/08\/DSC06627.jpg","thumbnail_width":1200,"thumbnail_height":942,"description":"Secreto de contras en su posici\u00f3n original Al retirar el secreto incorporado por Ghys para las contras crom\u00e1ticas de 13 y 26 palmos se pudo ver el secreto original de las contras diat\u00f3nicas de Fern\u00e1ndez D\u00e1vila. Este hab\u00eda quedado anulado pero en su posici\u00f3n de origen esto es en el cubo derecho del mueble y [&hellip;]"}